{"id":873,"date":"2022-10-21T22:17:19","date_gmt":"2022-10-21T20:17:19","guid":{"rendered":"https:\/\/www.clinicagnatologicacatania.it\/mantarro\/?page_id=873"},"modified":"2022-11-15T01:55:12","modified_gmt":"2022-11-15T00:55:12","slug":"cura-acufene-catania","status":"publish","type":"page","link":"https:\/\/www.clinicagnatologicacatania.it\/mantarro\/cura-acufene-catania\/","title":{"rendered":"Acufene"},"content":{"rendered":"\t\t<div data-elementor-type=\"wp-page\" data-elementor-id=\"873\" class=\"elementor elementor-873\" data-elementor-post-type=\"page\">\n\t\t\t\t\t\t<section class=\"elementor-section elementor-top-section elementor-element elementor-element-41a90f1 elementor-section-boxed elementor-section-height-default elementor-section-height-default\" data-id=\"41a90f1\" data-element_type=\"section\" data-e-type=\"section\">\n\t\t\t\t\t\t<div class=\"elementor-container elementor-column-gap-default\">\n\t\t\t\t\t<div class=\"elementor-column elementor-col-100 elementor-top-column elementor-element elementor-element-387059e\" data-id=\"387059e\" data-element_type=\"column\" data-e-type=\"column\">\n\t\t\t<div class=\"elementor-widget-wrap elementor-element-populated\">\n\t\t\t\t\t\t<div class=\"elementor-element elementor-element-a71f38b elementor-widget elementor-widget-wp-widget-aioseo-breadcrumb-widget\" data-id=\"a71f38b\" data-element_type=\"widget\" data-e-type=\"widget\" data-widget_type=\"wp-widget-aioseo-breadcrumb-widget.default\">\n\t\t\t\t<div class=\"elementor-widget-container\">\n\t\t\t\t\t<div class=\"aioseo-breadcrumbs\"><span class=\"aioseo-breadcrumb\">\n\t\t\t<a href=\"https:\/\/www.clinicagnatologicacatania.it\/mantarro\" title=\"Home\">Home<\/a>\n\t\t<\/span><span class=\"aioseo-breadcrumb-separator\">&raquo;<\/span><span class=\"aioseo-breadcrumb\">\n\t\t\tAcufene\n\t\t<\/span><\/div>\t\t\t\t<\/div>\n\t\t\t\t<\/div>\n\t\t\t\t\t<\/div>\n\t\t<\/div>\n\t\t\t\t\t<\/div>\n\t\t<\/section>\n\t\t\t\t<section class=\"elementor-section elementor-top-section elementor-element elementor-element-d64fa83 elementor-section-stretched elementor-section-boxed elementor-section-height-default elementor-section-height-default\" data-id=\"d64fa83\" data-element_type=\"section\" data-e-type=\"section\" data-settings=\"{&quot;stretch_section&quot;:&quot;section-stretched&quot;,&quot;background_background&quot;:&quot;classic&quot;}\">\n\t\t\t\t\t\t<div class=\"elementor-container elementor-column-gap-default\">\n\t\t\t\t\t<div class=\"elementor-column elementor-col-100 elementor-top-column elementor-element elementor-element-c7d8b1f\" data-id=\"c7d8b1f\" data-element_type=\"column\" data-e-type=\"column\">\n\t\t\t<div class=\"elementor-widget-wrap elementor-element-populated\">\n\t\t\t\t\t\t<div class=\"elementor-element elementor-element-0fdec05 elementor-widget elementor-widget-heading\" data-id=\"0fdec05\" data-element_type=\"widget\" data-e-type=\"widget\" data-widget_type=\"heading.default\">\n\t\t\t\t<div class=\"elementor-widget-container\">\n\t\t\t\t\t<h1 class=\"elementor-heading-title elementor-size-default\">Acufene: soluzioni mirate per eliminare ronzii e fischi percepiti all'orecchio<\/h1>\t\t\t\t<\/div>\n\t\t\t\t<\/div>\n\t\t\t\t<div class=\"elementor-element elementor-element-1923413 elementor-widget elementor-widget-heading\" data-id=\"1923413\" data-element_type=\"widget\" data-e-type=\"widget\" data-widget_type=\"heading.default\">\n\t\t\t\t<div class=\"elementor-widget-container\">\n\t\t\t\t\t<h2 class=\"elementor-heading-title elementor-size-default\">Cura acufene Catania<\/h2>\t\t\t\t<\/div>\n\t\t\t\t<\/div>\n\t\t\t\t<div class=\"elementor-element elementor-element-ebf9b1e elementor-widget elementor-widget-text-editor\" data-id=\"ebf9b1e\" data-element_type=\"widget\" data-e-type=\"widget\" data-widget_type=\"text-editor.default\">\n\t\t\t\t<div class=\"elementor-widget-container\">\n\t\t\t\t\t\t\t\t\t<div id=\"pu2564\" class=\"clearfix colelem\"><div id=\"u2560-6\" class=\"clearfix grpelem\" data-muse-uid=\"U2560\" data-muse-type=\"txt_frame\"><p>Per\u00a0<span id=\"u2560-2\"><b>acufene<\/b><\/span>\u00a0(tinnitus in latino e inglese) si intende quel disturbo costituito da rumori che, sotto diversa forma (<b>fischi, ronzii, fruscii, crepitii, soffi, pulsazioni<\/b> ecc.) vengono percepiti in un orecchio, in entrambi o in generale nella testa e che possono risultare fastidiosi a tal punto da influire sulla qualit\u00e0 della vita di chi ne soffre. Si originano all&#8217;interno dell&#8217;apparato uditivo ma, alla loro prima comparsa vengono illusoriamente percepiti come suoni provenienti dall&#8217;ambiente esterno.<\/p><\/div><\/div><div id=\"u8122-8\" class=\"clearfix colelem\" data-muse-uid=\"U8122\" data-muse-type=\"txt_frame\">\u00a0<\/div>\t\t\t\t\t\t\t\t<\/div>\n\t\t\t\t<\/div>\n\t\t\t\t\t<\/div>\n\t\t<\/div>\n\t\t\t\t\t<\/div>\n\t\t<\/section>\n\t\t\t\t<section class=\"elementor-section elementor-top-section elementor-element elementor-element-ecb9029 elementor-section-height-min-height elementor-section-boxed elementor-section-height-default elementor-section-items-middle\" data-id=\"ecb9029\" data-element_type=\"section\" data-e-type=\"section\" data-settings=\"{&quot;background_background&quot;:&quot;classic&quot;}\">\n\t\t\t\t\t\t<div class=\"elementor-container elementor-column-gap-default\">\n\t\t\t\t\t<div class=\"elementor-column elementor-col-100 elementor-top-column elementor-element elementor-element-627b285\" data-id=\"627b285\" data-element_type=\"column\" data-e-type=\"column\">\n\t\t\t<div class=\"elementor-widget-wrap\">\n\t\t\t\t\t\t\t<\/div>\n\t\t<\/div>\n\t\t\t\t\t<\/div>\n\t\t<\/section>\n\t\t\t\t<section class=\"elementor-section elementor-top-section elementor-element elementor-element-dbd3e43 elementor-section-boxed elementor-section-height-default elementor-section-height-default\" data-id=\"dbd3e43\" data-element_type=\"section\" data-e-type=\"section\">\n\t\t\t\t\t\t<div class=\"elementor-container elementor-column-gap-default\">\n\t\t\t\t\t<div class=\"elementor-column elementor-col-100 elementor-top-column elementor-element elementor-element-63dc172\" data-id=\"63dc172\" data-element_type=\"column\" data-e-type=\"column\">\n\t\t\t<div class=\"elementor-widget-wrap elementor-element-populated\">\n\t\t\t\t\t\t<div class=\"elementor-element elementor-element-bb535ee elementor-widget elementor-widget-text-editor\" data-id=\"bb535ee\" data-element_type=\"widget\" data-e-type=\"widget\" data-widget_type=\"text-editor.default\">\n\t\t\t\t<div class=\"elementor-widget-container\">\n\t\t\t\t\t\t\t\t\t<div id=\"pu2415\" class=\"clearfix colelem\"><div id=\"u2411-10\" class=\"clearfix grpelem\" data-muse-uid=\"U2411\" data-muse-type=\"txt_frame\"><p id=\"u2411-8\">\u00c8 stato calcolato che nella popolazione priva di difetti uditivi un soggetto su dieci soffre o ha sofferto di\u00a0<span id=\"u8122-2\">acufeni<\/span>, mentre nella popolazione con ipoacusia, cio\u00e8 con riduzione uditiva, la percentuale sale a circa il 50%. Inoltre, pi\u00f9 del 20% degli abitanti ha avuto esperienze non traumatiche di\u00a0<span id=\"u8122-4\">acufeni<\/span>\u00a0che, per il 7% hanno richiesto l&#8217;assistenza del medico otorino, per il 5% hanno provocato disabilit\u00e0 e per il 2% un grave handicap.<\/p><\/div><\/div>\t\t\t\t\t\t\t\t<\/div>\n\t\t\t\t<\/div>\n\t\t\t\t\t<\/div>\n\t\t<\/div>\n\t\t\t\t\t<\/div>\n\t\t<\/section>\n\t\t\t\t<section class=\"elementor-section elementor-top-section elementor-element elementor-element-ee69c52 elementor-section-boxed elementor-section-height-default elementor-section-height-default\" data-id=\"ee69c52\" data-element_type=\"section\" data-e-type=\"section\">\n\t\t\t\t\t\t<div class=\"elementor-container elementor-column-gap-default\">\n\t\t\t\t\t<div class=\"elementor-column elementor-col-100 elementor-top-column elementor-element elementor-element-a625174\" data-id=\"a625174\" data-element_type=\"column\" data-e-type=\"column\">\n\t\t\t<div class=\"elementor-widget-wrap elementor-element-populated\">\n\t\t\t\t\t\t<div class=\"elementor-element elementor-element-41e9b8f elementor-tabs-view-horizontal elementor-widget elementor-widget-tabs\" data-id=\"41e9b8f\" data-element_type=\"widget\" data-e-type=\"widget\" data-widget_type=\"tabs.default\">\n\t\t\t\t<div class=\"elementor-widget-container\">\n\t\t\t\t\t\t\t<div class=\"elementor-tabs\">\n\t\t\t<div class=\"elementor-tabs-wrapper\" role=\"tablist\" >\n\t\t\t\t\t\t\t\t\t<div id=\"elementor-tab-title-6911\" class=\"elementor-tab-title elementor-tab-desktop-title\" aria-selected=\"true\" data-tab=\"1\" role=\"tab\" tabindex=\"0\" aria-controls=\"elementor-tab-content-6911\" aria-expanded=\"false\">Cause dell'acufene<\/div>\n\t\t\t\t\t\t\t\t\t<div id=\"elementor-tab-title-6912\" class=\"elementor-tab-title elementor-tab-desktop-title\" aria-selected=\"false\" data-tab=\"2\" role=\"tab\" tabindex=\"-1\" aria-controls=\"elementor-tab-content-6912\" aria-expanded=\"false\">Effetti<\/div>\n\t\t\t\t\t\t\t\t\t<div id=\"elementor-tab-title-6913\" class=\"elementor-tab-title elementor-tab-desktop-title\" aria-selected=\"false\" data-tab=\"3\" role=\"tab\" tabindex=\"-1\" aria-controls=\"elementor-tab-content-6913\" aria-expanded=\"false\">Cure possibili<\/div>\n\t\t\t\t\t\t\t\t\t<div id=\"elementor-tab-title-6914\" class=\"elementor-tab-title elementor-tab-desktop-title\" aria-selected=\"false\" data-tab=\"4\" role=\"tab\" tabindex=\"-1\" aria-controls=\"elementor-tab-content-6914\" aria-expanded=\"false\">Novit\u00e0 scentifiche<\/div>\n\t\t\t\t\t\t\t<\/div>\n\t\t\t<div class=\"elementor-tabs-content-wrapper\" role=\"tablist\" aria-orientation=\"vertical\">\n\t\t\t\t\t\t\t\t\t<div class=\"elementor-tab-title elementor-tab-mobile-title\" aria-selected=\"true\" data-tab=\"1\" role=\"tab\" tabindex=\"0\" aria-controls=\"elementor-tab-content-6911\" aria-expanded=\"false\">Cause dell'acufene<\/div>\n\t\t\t\t\t<div id=\"elementor-tab-content-6911\" class=\"elementor-tab-content elementor-clearfix\" data-tab=\"1\" role=\"tabpanel\" aria-labelledby=\"elementor-tab-title-6911\" tabindex=\"0\" hidden=\"false\"><div id=\"u2637-4\" class=\"AccordionPanelTab titoli clearfix colelem AccordionPanelTabOpen\" tabindex=\"0\" role=\"tab\" data-muse-uid=\"U2637\" data-muse-type=\"txt_frame\" aria-selected=\"true\"><p>Le cause dell&#8217;acufene<\/p><\/div><div class=\"AccordionPanelContent colelem AccordionPanelContentActive\" role=\"tabpanel\" aria-labelledby=\"u2637-4\"><div class=\"AccordionPanelContentClip\"><div id=\"u2638\" class=\"clearfix\"><div id=\"u2639-89\" class=\"clearfix grpelem\" data-muse-uid=\"U2639\" data-muse-type=\"txt_frame\"><p>Varie sono le classificazioni degli acufeni proposte dagli studiosi nell&#8217;arco di mezzo secolo.<\/p><p>\u00a0<\/p><p>Alcuni distinguono gli acufeni in oggettivi e soggettivi.<\/p><p>\u00a0<\/p><p>Gli acufeni oggettivi sono molto rari e si presentano come suoni che si generano all&#8217;interno del corpo umano, come ad esempio quelli originati da un flusso vascolare particolare o da contrazioni muscolari. Con tecniche particolari, \u00e8 possibile ascoltare dall&#8217;esterno il suono generato.<\/p><p>\u00a0<\/p><p>Gli acufeni soggettivi sono i pi\u00f9 comuni e si individuano nei casi in cui il soggetto percepisce un suono che non \u00e8 ascoltabile dall&#8217;esterno e che pu\u00f2 essere provocato da farmaci come l&#8217;aspirina (acido acetilsalicilico), da alcuni antibiotici (aminoglicosidi), ma anche da alcool, caffeina e antidepressivi. Le cause che determinano l\u2019insorgere dell&#8217;acufene soggettivo sono spesso oscure. Mentre non sorprende che un trauma diretto all&#8217;orecchio interno possa causare l&#8217;acufene, altre cause apparenti (come ad esempio TMJ e disordini dentali) sono difficili da spiegare.<\/p><p>\u00a0<\/p><p>La ricerca recente ha proposto due categorie distinte di acufene soggettivo: l\u2019acufene otico, causato dai disordini dell&#8217;orecchio interno o del nervo acustico e l&#8217;acufene somatico, causato da disordini che non riguardano l&#8217;orecchio o il nervo, pur trovandosi all&#8217;interno della testa o del collo. Si ipotizza inoltre che l&#8217;acufene somatico possa essere dovuto a un &#8220;central crosstalk&#8221; con il cervello, come se certi nervi del collo e della testa entrassero nel cervello vicino alla regione coinvolta nell&#8217;udito.<\/p><p>\u00a0<\/p><p>La classificazione spesso proposta fra acufeni oggettivi e soggettivi in base alla possibilit\u00e0 di oggettivare, cio\u00e8 di registrare direttamente con strumenti biomedici, la presenza di acufeni non appare sufficientemente realistica in quanto ad oggi non esiste ancora, tranne che in rarissimi casi, tale possibilit\u00e0. Con l&#8217;evoluzione delle moderne tecniche di registrazione delle emissioni otoacustiche provenienti dalle cellule sensoriali della chiocciola, di quelle dei potenziali evocati uditivi e delle tecniche di imaging funzionale e dinamico neuro-radiologico si pensa che fra non molto sia possibile costituire le basi per una svolta anche in tale direzione.<\/p><p>\u00a0<\/p><p>Altri propongono, in quanto pi\u00f9 rispondente alle differenti possibilit\u00e0 terapeutiche, la suddivisione degli acufeni in audiogeni (o endogeni) e non audiogeni (o esogeni): infatti le moderne tecniche di valutazione della funzionalit\u00e0 uditiva permettono di rilevare anche minime alterazioni dell&#8217;apparato uditivo e di tracciare correlazioni attendibili con la presenza di acufeni.<\/p><p>\u00a0<\/p><p>Gli acufeni audiogeni sono quelli ad alta probabilit\u00e0 di insorgenza da un danno o una disfunzione dell&#8217;apparato uditivo a livello della chiocciola o delle vie nervose uditive: in questi casi l&#8217;orecchio registra e trasmette rumori provenienti patologicamente dal proprio interno.<\/p><p>\u00a0<\/p><p>Per acufeni non audiogeni, invece, si intendono quelli che originano in patologie e disfunzioni situate al di fuori dell&#8217;apparato uditivo, in altri organi od apparati, come quello vascolare, muscolare, articolatorio, che vengono solo percepiti dall&#8217;orecchio come pu\u00f2 fare un semplice microfono e quindi trasmessi al sistema nervoso.<\/p><p>\u00a0<\/p><p>In effetti anche alcuni acufeni provenienti dall&#8217;orecchio come quelli causati da presenza e movimento di secrezioni catarrali fra tromba di Eustachio e cassa timpanica dovrebbero essere considerati non audiogeni o esogeni in quanto la loro origine \u00e8 al di fuori del complesso chiocciola-vie nervose uditive.<\/p><p>\u00a0<\/p><p>Tra le cause la pi\u00f9 frequente e determinante \u00e8 la compressione sulla regione auricolo-temporale che si causa dormendo a faccia sotto sulla mandibola. La compressione di questa regione causa ischemia e quindi sofferenza dell&#8217;orecchio interno con comparsa di ronzio, fischi, vertigini, etc. Gli acufeni traggono la loro origine da molteplici fattori, spesso concatenati fra loro. Alcune delle principali cause determinanti l\u2019insorgere degli acufeni sono:<\/p><p>\u00a0<\/p><p>Traumi acustici quali rumori forti ed improvvisi, esposizioni prolungate a fonti musicali molto forti, esposizione ad un ambiente di lavoro eccessivamente rumoroso senza otoprotezione<\/p><p>Traumi cranici (e in particolare frattura basale del cranio)<\/p><p>Barotraumi<\/p><p>Sordit\u00e0 autoimmuni o immunomediate<\/p><p>Sordit\u00e0 genetica o ereditaria<\/p><p>Presbioacusia cronica da rumore<\/p><p>Ipoacusia improvvisa<\/p><p>Otosclerosi<\/p><p>Otiti suppurative<\/p><p>Cerume nell\u2019orecchio per un periodo prolungato<\/p><p>Disordini maxillo-facciali e temporomandibolari<\/p><p>Disordini alle cervicali<\/p><p>Disordini vascolari, come ipertensione o ipotensione<\/p><p>Disordini dentali<\/p><p>Disordini della tiroide, quali ipertiroidismo o ipotiroidismo<\/p><p>Diabete e dismetabolismi in genere<\/p><p>Anemia severa ed indebolimento renale<\/p><p>Sforzi, stress e stati depressivi<\/p><p>Eccessive dosi di farmaci, quali aspirina , aminoglicosi , chinino<\/p><p>Malattia di Lyme<\/p><p>Malattia di M\u00e9ni\u00e8re<\/p><p>Aterosclerosi<\/p><p>Neurinoma acustico<\/p><p>Myoclonus palatal (obiettivamente rilevabile)<\/p><p>Fistole arterovenose e rumori arteriosi (obiettivamente rilevabili)<\/p><p>Tumori del jugulare di Glomus (obiettivamente rilevabili)<\/p><p>Policitemia vera<\/p><\/div><\/div><\/div><\/div><\/div>\n\t\t\t\t\t\t\t\t\t<div class=\"elementor-tab-title elementor-tab-mobile-title\" aria-selected=\"false\" data-tab=\"2\" role=\"tab\" tabindex=\"-1\" aria-controls=\"elementor-tab-content-6912\" aria-expanded=\"false\">Effetti<\/div>\n\t\t\t\t\t<div id=\"elementor-tab-content-6912\" class=\"elementor-tab-content elementor-clearfix\" data-tab=\"2\" role=\"tabpanel\" aria-labelledby=\"elementor-tab-title-6912\" tabindex=\"0\" hidden=\"hidden\"><p>Ove non regrediscano entro i primi mesi dalla loro insorgenza, vi \u00e8 un&#8217;alta probabilit\u00e0 che gli acufeni, se non si curano con una terapia adeguata, persistano negli anni successivi, divenendo cronici a tutti gli effetti. Purtroppo questo disturbo, solo apparentemente banale, tende a creare un vero e proprio stato invalidante, coinvolgendo l&#8217;assetto psicologico ed emozionale del malato, la sua vita di relazione, il ritmo sonno-veglia, le attitudini lavorative, il livello di attenzione e concentrazione, inducendo o potenziando stati ansioso-depressivi, interferendo pertanto sulla qualit\u00e0 della vita.<\/p><p>\u00a0<\/p><p>L&#8217;individuo affetto da acufene cronico pu\u00f2 trovare sollievo dall&#8217;arricchimento sonoro ambientale, grazie al quale pu\u00f2 distrarre il cervello dall&#8217;ascolto dell&#8217;acufene. Una combinazione di arricchimento sonoro e blanda terapia psicologica nota come terapia TRT dall&#8217;inglese Tinnitus Retraining Therapy (letteralmente terapia di riabilitazione dall&#8217;acufene) viene ampiamente praticata e, anche se non cura realmente l&#8217;acufene, molte persone segnalano che, grazie alla TRT, l&#8217;acufene diventa molto meno fastidioso e pi\u00f9 facile da ignorare. La TRT richiede un periodo di 12-18 mesi per il suo pieno svolgimento e l&#8217;arricchimento sonoro pu\u00f2 essere effettuato con generatori sonori ambientali, generatori sonori personali o con particolari apparecchi acustici in caso di perdita dell&#8217;udito anche lieve.<\/p><\/div>\n\t\t\t\t\t\t\t\t\t<div class=\"elementor-tab-title elementor-tab-mobile-title\" aria-selected=\"false\" data-tab=\"3\" role=\"tab\" tabindex=\"-1\" aria-controls=\"elementor-tab-content-6913\" aria-expanded=\"false\">Cure possibili<\/div>\n\t\t\t\t\t<div id=\"elementor-tab-content-6913\" class=\"elementor-tab-content elementor-clearfix\" data-tab=\"3\" role=\"tabpanel\" aria-labelledby=\"elementor-tab-title-6913\" tabindex=\"0\" hidden=\"hidden\"><p>I numerosissimi soggetti colpiti da questo disturbo attendono da tempo che la scienza riesca a dare loro nuove e concrete speranze e che la fatidica ed angosciante frase &#8220;mi dispiace non c&#8217;\u00e8 niente da fare, si rassegni a convivere con questo disturbo&#8221;, ancora troppo spesso pronunciata dallo specialista alla fine della visita, venga superata da proposizioni terapeutiche efficaci. Oggi, infatti, la comunit\u00e0 medico-scientifica \u00e8 in grado di assumere di fronte al problema degli acufeni un atteggiamento decisamente pi\u00f9 costruttivo rispetto al passato.<\/p><p>\u00a0<\/p><p>\u00a0<\/p><p>\u00a0<\/p><p>In questi ultimi anni, si \u00e8 sperimentato e perfezionato un protocollo terapeutico sviluppato sulla base di studi, ricerche e confronti a livello internazionale, che ha portato a risultati e successi notevoli. Gli acufeni sono attualmente curabili nell\u201980% dei casi, anche se con molti limiti e difficolt\u00e0. Nell&#8217;ambito della ricerca medico-scientifica, si porta avanti da molti anni con successo un programma di diagnosi e trattamento medico-riabilitativo degli acufeni di tipo &#8220;integrato&#8221; che si avvale cio\u00e8 di un moderno approccio multiterapeutico, senza dover ricorrere alla ospedalizzazione. In tale programma, pur non trascurando l&#8217;aspetto farmacologico di nuova introduzione e quello stimolatorio, viene dato grande spazio alle moderne tecniche di riabilitazione fisiologica attiva.<\/p><p>\u00a0<\/p><p>Sarebbe opportuno correggere il comportamento delle famiglie e della societ\u00e0, caratterizzato troppo spesso da indifferenza, incredulit\u00e0, derisione o rassegnazione, verso il grave disagio provocato dagli acufeni. Tali atteggiamenti errati, infatti, possono portare ad un ulteriore isolamento del soggetto dalla comunit\u00e0, con conseguente aggravamento dei sintomi.<\/p><\/div>\n\t\t\t\t\t\t\t\t\t<div class=\"elementor-tab-title elementor-tab-mobile-title\" aria-selected=\"false\" data-tab=\"4\" role=\"tab\" tabindex=\"-1\" aria-controls=\"elementor-tab-content-6914\" aria-expanded=\"false\">Novit\u00e0 scentifiche<\/div>\n\t\t\t\t\t<div id=\"elementor-tab-content-6914\" class=\"elementor-tab-content elementor-clearfix\" data-tab=\"4\" role=\"tabpanel\" aria-labelledby=\"elementor-tab-title-6914\" tabindex=\"0\" hidden=\"hidden\"><p>Eliminazione del trauma del decubito sulla mandibola nel sonno quando questo \u00e8 presente ed \u00e8 la causa determinante &#8221; Ronzio, fischi, vertigini.&#8221;&#8230;Cambiare posizione nel sonno , Dormire in posizione Supina o leggermente di lato a faccia in s\u00f9..<\/p>\n<p><\/p>\n<p>Sono ormai disponibili nuove metodiche ed apparecchiature in grado di registrare l&#8217;attivit\u00e0 (emissioni otoacustiche) delle cellule uditive sensoriali contenute nell&#8217;Organo del Corti, frequente sede di origine degli acufeni, e in grado di monitorare le modifiche temporali dell&#8217;attivit\u00e0 di tali cellule anche in seguito a trattamento specifico.<\/p><p><span style=\"color: var( --e-global-color-9b82a5c ); font-size: 1rem;\">Le cellule sensoriali, chiamate ciliate in quanto dotate di delicatissime ed importantissime ciglia, emettono segnali sonori che tendono ad alterarsi, attenuandosi o al contrario enfatizzandosi quando non sono pi\u00f9 in perfetto stato di salute. La registrazione della mappa sonora emessa dalle cellule ciliate \u00e8 oggi registrabile mediante sofisticate ma agevoli apparecchiature computerizzate e costituisce pertanto il metodo pi\u00f9 diretto di misura dello stato funzionale della parte pi\u00f9 vulnerabile dell&#8217;apparato uditivo, la coclea.<\/span><\/p><p><span style=\"color: var( --e-global-color-9b82a5c ); font-size: 1rem;\">Attraverso tali tecniche, integrate con altre moderne metodiche di indagine audiologica, \u00e8 oggi possibile, per esempio, tentare l\u2019individuazione di disordini delle sinapsi uditive, cio\u00e8 delle importanti stazioni di collegamento fra cellula acustica e nervo uditivo e indirizzare talvolta la diagnosi e la terapia verso il cosiddetto acufene sinaptico cocleare. Tale moderno approccio \u00e8 segu\u00ecto nel programma di trattamento degli acufeni anche mediante specifico supporto farmacologico, nei casi in cui vi sia una precisa indicazione.<\/span><\/p><p><span style=\"color: var( --e-global-color-9b82a5c ); font-size: 1rem;\">\u00c8 in atto anche un sostanziale miglioramento delle tecniche di trattamento riabilitativo dell&#8217;acufene su base neuro-psicologica e comportamentale senza necessit\u00e0 di supporto farmacologico. Tali progressi operativi sono legati sia alle attuali conoscenze sul coinvolgimento del sistema nervoso centrale nei processi di mantenimento e nell&#8217;evoluzione degli acufeni anche quando l&#8217;origine del disturbo \u00e8 del tutto periferica, sia all&#8217;individuazione nel sistema limbico del centro nevralgico che causa l&#8217;instaurarsi di complicanze neurovegetative, emozionali e comportamentali, loro stesse concausa di stabilizzazione o aggravamento dell&#8217;acufene.<\/span><\/p><p><span style=\"color: var( --e-global-color-9b82a5c ); font-size: 1rem;\">\u00c8 pertanto possibile mettere a punto e personalizzare innovativi protocolli riabilitativi rivolti a modificare attivamente la reazione del soggetto alla presenza di acufeni e a ridurre l&#8217;intensit\u00e0 del disturbo, aumentandone la tollerabilit\u00e0 anche mediante l&#8217;ausilio di dispositivi acustici quali micromiscelatori o sorgenti di suoni naturali. La TRT (Tinnitus Retraining Therapy) costituisce, se condotta da personale riabilitativo specializzato ed integrata con altre terapie riabilitative, la metodica base di tale intervento ed uno dei punti cruciali dei programmi di trattamento degli acufeni, da cui pu\u00f2 dipendere il successo dell&#8217;intero programma di cura.<\/span><\/p><p><span style=\"color: var( --e-global-color-9b82a5c ); font-size: 1rem;\">Anche sul versante prettamente medico-farmacologico alcune recenti esperienze in campo neurobiologico fanno ben sperare. Da un lato sono da sottolineare le ricerche sulle sostanze neuromodulatrici e neurotrasmettitrici, cio\u00e8 su quelle sostanze chimiche essenziali per la trasmissione degli stimoli dalle cellule sensoriali alle fibre nervose o da un neurone all&#8217;altro. Tali ricerche hanno permesso recentemente di individuare con una certa precisione quali siano le sostanze coinvolte nell&#8217;attivazione della sensazione uditiva e quali siano le modificazioni a loro carico in alcune patologie uditive.<\/span><\/p><p><span style=\"color: var( --e-global-color-9b82a5c ); font-size: 1rem;\">\u00c8 realisticamente ipotizzabile che alcuni tipi di acufene possano essere legati ad un\u2019alterazione di tali sostanze a livello delle sinapsi uditive e pertanto siano definibili come acufeni sinaptici cocleari (vedi quanto gi\u00e0 sopra riportato): in tali casi un trattamento farmacologico specifico pu\u00f2 essere preso in considerazione, anche se con la necessaria prudenza e cautela.<\/span><\/p><p><span style=\"color: var( --e-global-color-9b82a5c ); font-size: 1rem;\">Oggi sono sempre pi\u00f9 frequenti le segnalazioni scientifiche sui vistosi processi di deterioramento ossidativo e di rapido invecchiamento delle cellule uditive, proprio in quanto sede di metabolismo molto attivo e, parallelamente, sono gi\u00e0 disponibili dati scientifici sul benefico effetto biologico di sostegno esercitato sui tessuti uditivi danneggiati o disfunzionanti da particolari sostanze antiossidanti ed anti radicali liberi. L&#8217;aspetto farmacologico viene adeguatamente preso in considerazione nei protocolli medici specialistici ma il successo \u00e8 sempre condizionato dal raggiungimento dell&#8217;obiettivo riabilitativo.<\/span><\/p><\/div>\n\t\t\t\t\t\t\t<\/div>\n\t\t<\/div>\n\t\t\t\t\t\t<\/div>\n\t\t\t\t<\/div>\n\t\t\t\t\t<\/div>\n\t\t<\/div>\n\t\t\t\t\t<\/div>\n\t\t<\/section>\n\t\t\t\t<\/div>\n\t\t","protected":false},"excerpt":{"rendered":"<p>Acufene: soluzioni mirate per eliminare ronzii e fischi percepiti all&#8217;orecchio Cura acufene Catania Per\u00a0acufene\u00a0(tinnitus in latino e inglese) si intende quel disturbo costituito da rumori che, sotto diversa forma (fischi, ronzii, fruscii, crepitii, soffi, pulsazioni ecc.) vengono percepiti in un orecchio, in entrambi o in generale nella testa e che possono risultare fastidiosi a tal [&hellip;]<\/p>\n","protected":false},"author":1,"featured_media":0,"parent":0,"menu_order":0,"comment_status":"closed","ping_status":"closed","template":"elementor_header_footer","meta":{"footnotes":""},"class_list":["post-873","page","type-page","status-publish","hentry"],"aioseo_notices":[],"aioseo_head":"\n\t\t<!-- All in One SEO 4.9.9 - aioseo.com -->\n\t<meta name=\"description\" content=\"Nel centro di Gnatologia del Dott Mantarro a Catania trattiamo tutti i sintomi e la Cura Acufene Catania. Eseguiamo diagnosi con valutazione strumentale.\" \/>\n\t<meta name=\"robots\" content=\"max-image-preview:large\" \/>\n\t<link rel=\"canonical\" href=\"https:\/\/www.clinicagnatologicacatania.it\/mantarro\/cura-acufene-catania\/\" \/>\n\t<meta name=\"generator\" content=\"All in One SEO (AIOSEO) 4.9.9\" \/>\n\t\t<meta property=\"og:locale\" content=\"it_IT\" \/>\n\t\t<meta property=\"og:site_name\" content=\"Gnatologia Mantarro -\" \/>\n\t\t<meta property=\"og:type\" content=\"article\" \/>\n\t\t<meta property=\"og:title\" content=\"CuraAcufene Catania - Gnatologia Mantarro\" \/>\n\t\t<meta property=\"og:description\" content=\"Nel centro di Gnatologia del Dott Mantarro a Catania trattiamo tutti i sintomi e la Cura Acufene Catania. Eseguiamo diagnosi con valutazione strumentale.\" \/>\n\t\t<meta property=\"og:url\" content=\"https:\/\/www.clinicagnatologicacatania.it\/mantarro\/cura-acufene-catania\/\" \/>\n\t\t<meta property=\"og:image\" content=\"https:\/\/www.clinicagnatologicacatania.it\/mantarro\/wp-content\/uploads\/2022\/10\/acufene.jpeg\" \/>\n\t\t<meta property=\"og:image:secure_url\" content=\"https:\/\/www.clinicagnatologicacatania.it\/mantarro\/wp-content\/uploads\/2022\/10\/acufene.jpeg\" \/>\n\t\t<meta property=\"og:image:width\" content=\"800\" \/>\n\t\t<meta property=\"og:image:height\" content=\"520\" \/>\n\t\t<meta property=\"article:tag\" content=\"gnatologia\" \/>\n\t\t<meta property=\"article:tag\" content=\"acufene\" \/>\n\t\t<meta property=\"article:published_time\" content=\"2022-10-21T20:17:19+00:00\" \/>\n\t\t<meta property=\"article:modified_time\" content=\"2022-11-15T00:55:12+00:00\" \/>\n\t\t<meta name=\"twitter:card\" content=\"summary_large_image\" \/>\n\t\t<meta name=\"twitter:title\" content=\"CuraAcufene Catania - Gnatologia Mantarro\" \/>\n\t\t<meta name=\"twitter:description\" content=\"Nel centro di Gnatologia del Dott Mantarro a Catania trattiamo tutti i sintomi e la Cura Acufene Catania. Eseguiamo diagnosi con valutazione strumentale.\" \/>\n\t\t<meta name=\"twitter:image\" content=\"https:\/\/www.clinicagnatologicacatania.it\/mantarro\/wp-content\/uploads\/2022\/10\/acufene.jpeg\" \/>\n\t\t<script type=\"application\/ld+json\" class=\"aioseo-schema\">\n\t\t\t{\"@context\":\"https:\\\/\\\/schema.org\",\"@graph\":[{\"@type\":\"BreadcrumbList\",\"@id\":\"https:\\\/\\\/www.clinicagnatologicacatania.it\\\/mantarro\\\/cura-acufene-catania\\\/#breadcrumblist\",\"itemListElement\":[{\"@type\":\"ListItem\",\"@id\":\"https:\\\/\\\/www.clinicagnatologicacatania.it\\\/mantarro#listItem\",\"position\":1,\"name\":\"Home\",\"item\":\"https:\\\/\\\/www.clinicagnatologicacatania.it\\\/mantarro\",\"nextItem\":{\"@type\":\"ListItem\",\"@id\":\"https:\\\/\\\/www.clinicagnatologicacatania.it\\\/mantarro\\\/cura-acufene-catania\\\/#listItem\",\"name\":\"Acufene\"}},{\"@type\":\"ListItem\",\"@id\":\"https:\\\/\\\/www.clinicagnatologicacatania.it\\\/mantarro\\\/cura-acufene-catania\\\/#listItem\",\"position\":2,\"name\":\"Acufene\",\"previousItem\":{\"@type\":\"ListItem\",\"@id\":\"https:\\\/\\\/www.clinicagnatologicacatania.it\\\/mantarro#listItem\",\"name\":\"Home\"}}]},{\"@type\":\"Organization\",\"@id\":\"https:\\\/\\\/www.clinicagnatologicacatania.it\\\/mantarro\\\/#organization\",\"name\":\"Gnatologia Mantarro\",\"url\":\"https:\\\/\\\/www.clinicagnatologicacatania.it\\\/mantarro\\\/\",\"logo\":{\"@type\":\"ImageObject\",\"url\":\"https:\\\/\\\/www.clinicagnatologicacatania.it\\\/mantarro\\\/wp-content\\\/uploads\\\/2022\\\/10\\\/new_logo.jpg\",\"@id\":\"https:\\\/\\\/www.clinicagnatologicacatania.it\\\/mantarro\\\/cura-acufene-catania\\\/#organizationLogo\",\"width\":444,\"height\":150},\"image\":{\"@id\":\"https:\\\/\\\/www.clinicagnatologicacatania.it\\\/mantarro\\\/cura-acufene-catania\\\/#organizationLogo\"}},{\"@type\":\"WebPage\",\"@id\":\"https:\\\/\\\/www.clinicagnatologicacatania.it\\\/mantarro\\\/cura-acufene-catania\\\/#webpage\",\"url\":\"https:\\\/\\\/www.clinicagnatologicacatania.it\\\/mantarro\\\/cura-acufene-catania\\\/\",\"name\":\"Cura Acufene Catania - Gnatologia Mantarro\",\"description\":\"Nel centro di Gnatologia del Dott Mantarro a Catania trattiamo tutti i sintomi e la Cura Acufene Catania. Eseguiamo diagnosi con valutazione strumentale.\",\"inLanguage\":\"it-IT\",\"isPartOf\":{\"@id\":\"https:\\\/\\\/www.clinicagnatologicacatania.it\\\/mantarro\\\/#website\"},\"breadcrumb\":{\"@id\":\"https:\\\/\\\/www.clinicagnatologicacatania.it\\\/mantarro\\\/cura-acufene-catania\\\/#breadcrumblist\"},\"datePublished\":\"2022-10-21T22:17:19+02:00\",\"dateModified\":\"2022-11-15T01:55:12+01:00\"},{\"@type\":\"WebSite\",\"@id\":\"https:\\\/\\\/www.clinicagnatologicacatania.it\\\/mantarro\\\/#website\",\"url\":\"https:\\\/\\\/www.clinicagnatologicacatania.it\\\/mantarro\\\/\",\"name\":\"Gnatologia Mantarro\",\"inLanguage\":\"it-IT\",\"publisher\":{\"@id\":\"https:\\\/\\\/www.clinicagnatologicacatania.it\\\/mantarro\\\/#organization\"}}]}\n\t\t<\/script>\n\t\t<!-- All in One SEO -->\n\n","aioseo_head_json":{"title":"Cura Acufene Catania - Gnatologia Mantarro","description":"Nel centro di Gnatologia del Dott Mantarro a Catania trattiamo tutti i sintomi e la Cura Acufene Catania. Eseguiamo diagnosi con valutazione strumentale.","canonical_url":"https:\/\/www.clinicagnatologicacatania.it\/mantarro\/cura-acufene-catania\/","robots":"max-image-preview:large","keywords":"","webmasterTools":{"miscellaneous":""},"schema":{"@context":"https:\/\/schema.org","@graph":[{"@type":"BreadcrumbList","@id":"https:\/\/www.clinicagnatologicacatania.it\/mantarro\/cura-acufene-catania\/#breadcrumblist","itemListElement":[{"@type":"ListItem","@id":"https:\/\/www.clinicagnatologicacatania.it\/mantarro#listItem","position":1,"name":"Home","item":"https:\/\/www.clinicagnatologicacatania.it\/mantarro","nextItem":{"@type":"ListItem","@id":"https:\/\/www.clinicagnatologicacatania.it\/mantarro\/cura-acufene-catania\/#listItem","name":"Acufene"}},{"@type":"ListItem","@id":"https:\/\/www.clinicagnatologicacatania.it\/mantarro\/cura-acufene-catania\/#listItem","position":2,"name":"Acufene","previousItem":{"@type":"ListItem","@id":"https:\/\/www.clinicagnatologicacatania.it\/mantarro#listItem","name":"Home"}}]},{"@type":"Organization","@id":"https:\/\/www.clinicagnatologicacatania.it\/mantarro\/#organization","name":"Gnatologia Mantarro","url":"https:\/\/www.clinicagnatologicacatania.it\/mantarro\/","logo":{"@type":"ImageObject","url":"https:\/\/www.clinicagnatologicacatania.it\/mantarro\/wp-content\/uploads\/2022\/10\/new_logo.jpg","@id":"https:\/\/www.clinicagnatologicacatania.it\/mantarro\/cura-acufene-catania\/#organizationLogo","width":444,"height":150},"image":{"@id":"https:\/\/www.clinicagnatologicacatania.it\/mantarro\/cura-acufene-catania\/#organizationLogo"}},{"@type":"WebPage","@id":"https:\/\/www.clinicagnatologicacatania.it\/mantarro\/cura-acufene-catania\/#webpage","url":"https:\/\/www.clinicagnatologicacatania.it\/mantarro\/cura-acufene-catania\/","name":"Cura Acufene Catania - Gnatologia Mantarro","description":"Nel centro di Gnatologia del Dott Mantarro a Catania trattiamo tutti i sintomi e la Cura Acufene Catania. Eseguiamo diagnosi con valutazione strumentale.","inLanguage":"it-IT","isPartOf":{"@id":"https:\/\/www.clinicagnatologicacatania.it\/mantarro\/#website"},"breadcrumb":{"@id":"https:\/\/www.clinicagnatologicacatania.it\/mantarro\/cura-acufene-catania\/#breadcrumblist"},"datePublished":"2022-10-21T22:17:19+02:00","dateModified":"2022-11-15T01:55:12+01:00"},{"@type":"WebSite","@id":"https:\/\/www.clinicagnatologicacatania.it\/mantarro\/#website","url":"https:\/\/www.clinicagnatologicacatania.it\/mantarro\/","name":"Gnatologia Mantarro","inLanguage":"it-IT","publisher":{"@id":"https:\/\/www.clinicagnatologicacatania.it\/mantarro\/#organization"}}]},"og:locale":"it_IT","og:site_name":"Gnatologia Mantarro -","og:type":"article","og:title":"CuraAcufene Catania - Gnatologia Mantarro","og:description":"Nel centro di Gnatologia del Dott Mantarro a Catania trattiamo tutti i sintomi e la Cura Acufene Catania. Eseguiamo diagnosi con valutazione strumentale.","og:url":"https:\/\/www.clinicagnatologicacatania.it\/mantarro\/cura-acufene-catania\/","og:image":"https:\/\/www.clinicagnatologicacatania.it\/mantarro\/wp-content\/uploads\/2022\/10\/acufene.jpeg","og:image:secure_url":"https:\/\/www.clinicagnatologicacatania.it\/mantarro\/wp-content\/uploads\/2022\/10\/acufene.jpeg","og:image:width":"800","og:image:height":"520","article:tag":["gnatologia","acufene"],"article:published_time":"2022-10-21T20:17:19+00:00","article:modified_time":"2022-11-15T00:55:12+00:00","twitter:card":"summary_large_image","twitter:title":"CuraAcufene Catania - Gnatologia Mantarro","twitter:description":"Nel centro di Gnatologia del Dott Mantarro a Catania trattiamo tutti i sintomi e la Cura Acufene Catania. Eseguiamo diagnosi con valutazione strumentale.","twitter:image":"https:\/\/www.clinicagnatologicacatania.it\/mantarro\/wp-content\/uploads\/2022\/10\/acufene.jpeg"},"aioseo_meta_data":{"post_id":"873","title":"Cura #post_title Catania #separator_sa #site_title","description":"Nel centro di Gnatologia del Dott Mantarro a Catania trattiamo tutti i sintomi e la Cura Acufene Catania. Eseguiamo diagnosi con valutazione strumentale.","keywords":[],"keyphrases":{"focus":{"keyphrase":"Cura Acufene Catania","score":88,"analysis":{"keyphraseInTitle":{"title":"Focus keyphrase in SEO title","description":"Focus keyphrase found in SEO title.","score":9,"maxScore":9,"error":0},"keyphraseInDescription":{"title":"Focus keyphrase in meta description","description":"Focus keyphrase found in meta description.","score":9,"maxScore":9,"error":0},"keyphraseLength":{"title":"Focus keyphrase length","description":"Good job!","score":9,"maxScore":9,"error":0,"length":3},"keyphraseInURL":{"title":"Focus keyphrase in URL","description":"Focus keyphrase used in the URL.","score":5,"maxScore":5,"error":0},"keyphraseInIntroduction":{"title":"Focus keyphrase in introduction","description":"Your Focus keyphrase does not appear in the first paragraph. Make sure the topic is clear immediately.","score":3,"maxScore":9,"error":1},"keyphraseInSubHeadings":{"title":"Focus keyphrase in Subheadings","description":"Your H2 or H3 subheading reflects the topic of your copy. Good job!","score":9,"maxScore":9,"error":0},"keyphraseInImageAlt":[]}},"additional":[]},"primary_term":null,"canonical_url":null,"og_title":"Cura#post_title Catania #separator_sa #site_title","og_description":"Nel centro di Gnatologia del Dott Mantarro a Catania trattiamo tutti i sintomi e la Cura Acufene Catania. Eseguiamo diagnosi con valutazione strumentale.","og_object_type":"default","og_image_type":"attach","og_image_url":"https:\/\/www.clinicagnatologicacatania.it\/mantarro\/wp-content\/uploads\/2022\/10\/acufene.jpeg","og_image_width":"800","og_image_height":"520","og_image_custom_url":null,"og_image_custom_fields":null,"og_video":"","og_custom_url":null,"og_article_section":null,"og_article_tags":[{"label":"gnatologia","value":"gnatologia"},{"label":"acufene","value":"acufene"}],"twitter_use_og":false,"twitter_card":"default","twitter_image_type":"default","twitter_image_url":null,"twitter_image_custom_url":null,"twitter_image_custom_fields":null,"twitter_title":null,"twitter_description":null,"schema":{"blockGraphs":[],"customGraphs":[],"default":{"data":{"Article":[],"Course":[],"Dataset":[],"FAQPage":[],"Movie":[],"Person":[],"Product":[],"ProductReview":[],"Car":[],"Recipe":[],"Service":[],"SoftwareApplication":[],"WebPage":[]},"graphName":"","isEnabled":true},"graphs":[]},"schema_type":"default","schema_type_options":null,"pillar_content":false,"robots_default":true,"robots_noindex":false,"robots_noarchive":false,"robots_nosnippet":false,"robots_nofollow":false,"robots_noimageindex":false,"robots_noodp":false,"robots_notranslate":false,"robots_max_snippet":"-1","robots_max_videopreview":"-1","robots_max_imagepreview":"large","priority":null,"frequency":"default","local_seo":null,"limit_modified_date":false,"created":"2022-10-21 20:31:50","updated":"2026-05-27 10:50:24","ai":null,"breadcrumb_settings":null,"seo_analyzer_scan_date":null},"aioseo_breadcrumb":"<div class=\"aioseo-breadcrumbs\"><span class=\"aioseo-breadcrumb\">\n\t\t\t<a href=\"https:\/\/www.clinicagnatologicacatania.it\/mantarro\" title=\"Home\">Home<\/a>\n\t\t<\/span><span class=\"aioseo-breadcrumb-separator\">&raquo;<\/span><span class=\"aioseo-breadcrumb\">\n\t\t\tAcufene\n\t\t<\/span><\/div>","aioseo_breadcrumb_json":[{"label":"Home","link":"https:\/\/www.clinicagnatologicacatania.it\/mantarro"},{"label":"Acufene","link":"https:\/\/www.clinicagnatologicacatania.it\/mantarro\/cura-acufene-catania\/"}],"_links":{"self":[{"href":"https:\/\/www.clinicagnatologicacatania.it\/mantarro\/wp-json\/wp\/v2\/pages\/873","targetHints":{"allow":["GET"]}}],"collection":[{"href":"https:\/\/www.clinicagnatologicacatania.it\/mantarro\/wp-json\/wp\/v2\/pages"}],"about":[{"href":"https:\/\/www.clinicagnatologicacatania.it\/mantarro\/wp-json\/wp\/v2\/types\/page"}],"author":[{"embeddable":true,"href":"https:\/\/www.clinicagnatologicacatania.it\/mantarro\/wp-json\/wp\/v2\/users\/1"}],"replies":[{"embeddable":true,"href":"https:\/\/www.clinicagnatologicacatania.it\/mantarro\/wp-json\/wp\/v2\/comments?post=873"}],"version-history":[{"count":42,"href":"https:\/\/www.clinicagnatologicacatania.it\/mantarro\/wp-json\/wp\/v2\/pages\/873\/revisions"}],"predecessor-version":[{"id":1530,"href":"https:\/\/www.clinicagnatologicacatania.it\/mantarro\/wp-json\/wp\/v2\/pages\/873\/revisions\/1530"}],"wp:attachment":[{"href":"https:\/\/www.clinicagnatologicacatania.it\/mantarro\/wp-json\/wp\/v2\/media?parent=873"}],"curies":[{"name":"wp","href":"https:\/\/api.w.org\/{rel}","templated":true}]}}